{"id":26,"date":"2015-05-11T13:09:18","date_gmt":"2015-05-11T13:09:18","guid":{"rendered":"http:\/\/www.blogdelflorista.es\/?page_id=26"},"modified":"2017-07-19T15:56:42","modified_gmt":"2017-07-19T15:56:42","slug":"flores-verdes-y-mas","status":"publish","type":"page","link":"https:\/\/www.blogdelflorista.es\/index.php\/flores-verdes-y-mas\/","title":{"rendered":"Flores, verdes y m\u00e1s"},"content":{"rendered":"<p>&nbsp;<\/p>\n<p>Flores El Cal\u00e9 comercializa una amplia gama de <strong>flores y verdes de corte<\/strong>.<\/p>\n<p>Disponemos de un gran surtido de flor nacional, seleccionada de los mejores cultivadores de toda la geograf\u00eda espa\u00f1ola, flor que llega a nuestras instalaciones 24 horas despu\u00e9s del corte (incluso, en muchas ocasiones, el mismo d\u00eda).<\/p>\n<p>Somos importadores directos de Ecuador y Colombia, <strong>sin intermediarios<\/strong>, de donde nos llegan las mejores rosas, adem\u00e1s de otros variados productos. Algunos cultivadores de estos pa\u00edses dedican en exclusividad fincas a nuestra empresa.<\/p>\n<p>Y tambi\u00e9n compramos directamente en las subastas holandesas, donde podemos acceder a la m\u00e1s completa gama de flores y verdes de corte que pueda imaginarse.<\/p>\n<p>Y si no encuentra alg\u00fan producto en nuestro stock, tambi\u00e9n puede pedirlo y lo conseguiremos para Vd., siempre que en ese momento exista producci\u00f3n en alg\u00fan lugar del mundo.<\/p>\n<p>Nuestra oferta incluye un amplio surtido de plantas naturales. Tambi\u00e9n complementos -somos distribuidores de la marca Oasis\u00ae para toda Espa\u00f1a-. As\u00ed como flor liofilizada (preservada), palmas para Pascua, art\u00edculos de Navidad y otros suministros para florister\u00eda.<\/p>\n<div id='gallery-1' class='gallery galleryid-26 gallery-columns-2 gallery-size-medium'><figure class='gallery-item'>\n\t\t\t<div class='gallery-icon landscape'>\n\t\t\t\t<a href='https:\/\/www.blogdelflorista.es\/index.php\/flores-verdes-y-mas\/baja-img_9963\/'><img width=\"300\" height=\"200\" src=\"https:\/\/www.blogdelflorista.es\/wp-content\/uploads\/2015\/05\/baja-IMG_9963-300x200.jpg\" class=\"attachment-medium size-medium\" alt=\"\" loading=\"lazy\" aria-describedby=\"gallery-1-1699\" srcset=\"https:\/\/www.blogdelflorista.es\/wp-content\/uploads\/2015\/05\/baja-IMG_9963-300x200.jpg 300w, https:\/\/www.blogdelflorista.es\/wp-content\/uploads\/2015\/05\/baja-IMG_9963-768x512.jpg 768w, https:\/\/www.blogdelflorista.es\/wp-content\/uploads\/2015\/05\/baja-IMG_9963-1024x683.jpg 1024w, https:\/\/www.blogdelflorista.es\/wp-content\/uploads\/2015\/05\/baja-IMG_9963.jpg 1037w\" sizes=\"(max-width: 300px) 100vw, 300px\" \/><\/a>\n\t\t\t<\/div>\n\t\t\t\t<figcaption class='wp-caption-text gallery-caption' id='gallery-1-1699'>\n\t\t\t\tDetalle c\u00e1mara verdes\n\t\t\t\t<\/figcaption><\/figure><figure class='gallery-item'>\n\t\t\t<div class='gallery-icon landscape'>\n\t\t\t\t<a href='https:\/\/www.blogdelflorista.es\/index.php\/flores-verdes-y-mas\/baja-lilium-la-img_9965\/'><img width=\"300\" height=\"200\" src=\"https:\/\/www.blogdelflorista.es\/wp-content\/uploads\/2015\/05\/baja-Lilium-LA-IMG_9965-300x200.jpg\" class=\"attachment-medium size-medium\" alt=\"\" loading=\"lazy\" aria-describedby=\"gallery-1-1700\" srcset=\"https:\/\/www.blogdelflorista.es\/wp-content\/uploads\/2015\/05\/baja-Lilium-LA-IMG_9965-300x200.jpg 300w, https:\/\/www.blogdelflorista.es\/wp-content\/uploads\/2015\/05\/baja-Lilium-LA-IMG_9965-768x512.jpg 768w, https:\/\/www.blogdelflorista.es\/wp-content\/uploads\/2015\/05\/baja-Lilium-LA-IMG_9965-1024x683.jpg 1024w, https:\/\/www.blogdelflorista.es\/wp-content\/uploads\/2015\/05\/baja-Lilium-LA-IMG_9965.jpg 1296w\" sizes=\"(max-width: 300px) 100vw, 300px\" \/><\/a>\n\t\t\t<\/div>\n\t\t\t\t<figcaption class='wp-caption-text gallery-caption' id='gallery-1-1700'>\n\t\t\t\tDetalle c\u00e1mara flor\n\t\t\t\t<\/figcaption><\/figure>\n\t\t<\/div>\n\n","protected":false},"excerpt":{"rendered":"<p>&nbsp; Flores El Cal\u00e9 comercializa una amplia gama de flores y verdes de corte. Disponemos de un gran surtido de flor nacional, seleccionada de los mejores cultivadores de toda la geograf\u00eda espa\u00f1ola, flor que llega a nuestras instalaciones 24 horas despu\u00e9s del corte (incluso, en muchas ocasiones, el mismo d\u00eda). Somos importadores directos de Ecuador &hellip; <a href=\"https:\/\/www.blogdelflorista.es\/index.php\/flores-verdes-y-mas\/\" class=\"more-link\">Seguir leyendo <span class=\"screen-reader-text\">Flores, verdes y m\u00e1s<\/span> <span class=\"meta-nav\">&rarr;<\/span><\/a><\/p>\n","protected":false},"author":1,"featured_media":0,"parent":0,"menu_order":0,"comment_status":"open","ping_status":"closed","template":"","meta":{"_mi_skip_tracking":false},"_links":{"self":[{"href":"https:\/\/www.blogdelflorista.es\/index.php\/wp-json\/wp\/v2\/pages\/26"}],"collection":[{"href":"https:\/\/www.blogdelflorista.es\/index.php\/wp-json\/wp\/v2\/pages"}],"about":[{"href":"https:\/\/www.blogdelflorista.es\/index.php\/wp-json\/wp\/v2\/types\/page"}],"author":[{"embeddable":true,"href":"https:\/\/www.blogdelflorista.es\/index.php\/wp-json\/wp\/v2\/users\/1"}],"replies":[{"embeddable":true,"href":"https:\/\/www.blogdelflorista.es\/index.php\/wp-json\/wp\/v2\/comments?post=26"}],"version-history":[{"count":8,"href":"https:\/\/www.blogdelflorista.es\/index.php\/wp-json\/wp\/v2\/pages\/26\/revisions"}],"predecessor-version":[{"id":1701,"href":"https:\/\/www.blogdelflorista.es\/index.php\/wp-json\/wp\/v2\/pages\/26\/revisions\/1701"}],"wp:attachment":[{"href":"https:\/\/www.blogdelflorista.es\/index.php\/wp-json\/wp\/v2\/media?parent=26"}],"curies":[{"name":"wp","href":"https:\/\/api.w.org\/{rel}","templated":true}]}}